{"id":16266,"date":"2022-06-27T17:46:49","date_gmt":"2022-06-27T15:46:49","guid":{"rendered":"https:\/\/www.alpimmorama.com\/wp-content\/uploads\/2022\/06\/20220415_8064_DCA.jpg"},"modified":"2025-03-24T16:27:05","modified_gmt":"2025-03-24T15:27:05","slug":"flat-layssia-alpimmorama-12","status":"inherit","type":"attachment","link":"https:\/\/www.alpimmorama.com\/en\/vente-appartement-samoens\/appartement-layssia-alpimmorama-12\/","title":{"rendered":"Flat La\u00ffssia - Alpimmorama"},"author":20,"featured_media":0,"comment_status":"open","ping_status":"closed","template":"","meta":{"_uag_custom_page_level_css":"","site-sidebar-layout":"default","site-content-layout":"","ast-site-content-layout":"default","site-content-style":"default","site-sidebar-style":"default","ast-global-header-display":"","ast-banner-title-visibility":"","ast-main-header-display":"","ast-hfb-above-header-display":"","ast-hfb-below-header-display":"","ast-hfb-mobile-header-display":"","site-post-title":"","ast-breadcrumbs-content":"","ast-featured-img":"","footer-sml-layout":"","ast-disable-related-posts":"","theme-transparent-header-meta":"","adv-header-id-meta":"","stick-header-meta":"","header-above-stick-meta":"","header-main-stick-meta":"","header-below-stick-meta":"","astra-migrate-meta-layouts":"default","ast-page-background-enabled":"default","ast-page-background-meta":{"desktop":{"background-color":"","background-image":"","background-repeat":"repeat","background-position":"center center","background-size":"auto","background-attachment":"scroll","background-type":"","background-media":"","overlay-type":"","overlay-color":"","overlay-opacity":"","overlay-gradient":""},"tablet":{"background-color":"","background-image":"","background-repeat":"repeat","background-position":"center center","background-size":"auto","background-attachment":"scroll","background-type":"","background-media":"","overlay-type":"","overlay-color":"","overlay-opacity":"","overlay-gradient":""},"mobile":{"background-color":"","background-image":"","background-repeat":"repeat","background-position":"center center","background-size":"auto","background-attachment":"scroll","background-type":"","background-media":"","overlay-type":"","overlay-color":"","overlay-opacity":"","overlay-gradient":""}},"ast-content-background-meta":{"desktop":{"background-color":"var(--ast-global-color-5)","background-image":"","background-repeat":"repeat","background-position":"center center","background-size":"auto","background-attachment":"scroll","background-type":"","background-media":"","overlay-type":"","overlay-color":"","overlay-opacity":"","overlay-gradient":""},"tablet":{"background-color":"var(--ast-global-color-5)","background-image":"","background-repeat":"repeat","background-position":"center center","background-size":"auto","background-attachment":"scroll","background-type":"","background-media":"","overlay-type":"","overlay-color":"","overlay-opacity":"","overlay-gradient":""},"mobile":{"background-color":"var(--ast-global-color-5)","background-image":"","background-repeat":"repeat","background-position":"center center","background-size":"auto","background-attachment":"scroll","background-type":"","background-media":"","overlay-type":"","overlay-color":"","overlay-opacity":"","overlay-gradient":""}}},"class_list":["post-16266","attachment","type-attachment","status-inherit","hentry"],"yoast_head":"<!-- This site is optimized with the Yoast SEO plugin v26.7 - https:\/\/yoast.com\/wordpress\/plugins\/seo\/ -->\n<title>Appartement La\u00ffssia - Alpimmorama - Alpimmorama<\/title>\n<meta name=\"description\" content=\"Alpimmorama est une agence immobili\u00e8re digitale situ\u00e9e \u00e0 Samo\u00ebns dans la vall\u00e9e du Giffre en Haute-Savoie. Sp\u00e9cialiste en immobilier Samo\u00ebns, Morillon; Verchaix et Sixt-Fer-\u00e0-Cheval.\" \/>\n<meta name=\"robots\" content=\"noindex, nofollow\" \/>\n<meta property=\"og:locale\" content=\"en_GB\" \/>\n<meta property=\"og:type\" content=\"article\" \/>\n<meta property=\"og:title\" content=\"Appartement La\u00ffssia - Alpimmorama - Alpimmorama\" \/>\n<meta property=\"og:description\" content=\"Alpimmorama est une agence immobili\u00e8re digitale situ\u00e9e \u00e0 Samo\u00ebns dans la vall\u00e9e du Giffre en Haute-Savoie. Sp\u00e9cialiste en immobilier Samo\u00ebns, Morillon; Verchaix et Sixt-Fer-\u00e0-Cheval.\" \/>\n<meta property=\"og:url\" content=\"https:\/\/www.alpimmorama.com\/wp-content\/uploads\/2022\/06\/20220415_8064_DCA.jpg\" \/>\n<meta property=\"og:site_name\" content=\"Alpimmorama\" \/>\n<meta property=\"article:publisher\" content=\"https:\/\/www.facebook.com\/alpimmorama\" \/>\n<meta property=\"article:modified_time\" content=\"2025-03-24T15:27:05+00:00\" \/>\n<meta property=\"og:image\" content=\"https:\/\/www.alpimmorama.com\/wp-content\/uploads\/2022\/06\/20220415_8064_DCA.jpg\" \/>\n\t<meta property=\"og:image:width\" content=\"1365\" \/>\n\t<meta property=\"og:image:height\" content=\"2048\" \/>\n\t<meta property=\"og:image:type\" content=\"image\/jpeg\" \/>\n<meta name=\"twitter:card\" content=\"summary_large_image\" \/>\n<script type=\"application\/ld+json\" class=\"yoast-schema-graph\">{\"@context\":\"https:\/\/schema.org\",\"@graph\":[{\"@type\":\"WebPage\",\"@id\":\"https:\/\/www.alpimmorama.com\/wp-content\/uploads\/2022\/06\/20220415_8064_DCA.jpg\",\"url\":\"https:\/\/www.alpimmorama.com\/wp-content\/uploads\/2022\/06\/20220415_8064_DCA.jpg\",\"name\":\"Appartement La\u00ffssia - Alpimmorama - Alpimmorama\",\"isPartOf\":{\"@id\":\"https:\/\/www.alpimmorama.com\/en\/#website\"},\"datePublished\":\"2022-06-27T15:46:49+00:00\",\"dateModified\":\"2025-03-24T15:27:05+00:00\",\"description\":\"Alpimmorama est une agence immobili\u00e8re digitale situ\u00e9e \u00e0 Samo\u00ebns dans la vall\u00e9e du Giffre en Haute-Savoie. Sp\u00e9cialiste en immobilier Samo\u00ebns, Morillon; Verchaix et Sixt-Fer-\u00e0-Cheval.\",\"breadcrumb\":{\"@id\":\"https:\/\/www.alpimmorama.com\/wp-content\/uploads\/2022\/06\/20220415_8064_DCA.jpg#breadcrumb\"},\"inLanguage\":\"en-GB\",\"potentialAction\":[{\"@type\":\"ReadAction\",\"target\":[\"https:\/\/www.alpimmorama.com\/wp-content\/uploads\/2022\/06\/20220415_8064_DCA.jpg\"]}]},{\"@type\":\"BreadcrumbList\",\"@id\":\"https:\/\/www.alpimmorama.com\/wp-content\/uploads\/2022\/06\/20220415_8064_DCA.jpg#breadcrumb\",\"itemListElement\":[{\"@type\":\"ListItem\",\"position\":1,\"name\":\"Accueil\",\"item\":\"https:\/\/www.alpimmorama.com\/\"},{\"@type\":\"ListItem\",\"position\":2,\"name\":\"Appartement La\u00ffssia\",\"item\":\"https:\/\/www.alpimmorama.com\/vente-appartement-samoens\/\"},{\"@type\":\"ListItem\",\"position\":3,\"name\":\"Appartement La\u00ffssia &#8211; Alpimmorama\"}]},{\"@type\":\"WebSite\",\"@id\":\"https:\/\/www.alpimmorama.com\/en\/#website\",\"url\":\"https:\/\/www.alpimmorama.com\/en\/\",\"name\":\"Alpimmorama\",\"description\":\"Agence Immobili\u00e8re digitale \u00e0 Samo\u00ebns\",\"publisher\":{\"@id\":\"https:\/\/www.alpimmorama.com\/en\/#organization\"},\"potentialAction\":[{\"@type\":\"SearchAction\",\"target\":{\"@type\":\"EntryPoint\",\"urlTemplate\":\"https:\/\/www.alpimmorama.com\/en\/?s={search_term_string}\"},\"query-input\":{\"@type\":\"PropertyValueSpecification\",\"valueRequired\":true,\"valueName\":\"search_term_string\"}}],\"inLanguage\":\"en-GB\"},{\"@type\":\"Organization\",\"@id\":\"https:\/\/www.alpimmorama.com\/en\/#organization\",\"name\":\"Alpimmorama Agence immobili\u00e8re Samo\u00ebns\",\"url\":\"https:\/\/www.alpimmorama.com\/en\/\",\"logo\":{\"@type\":\"ImageObject\",\"inLanguage\":\"en-GB\",\"@id\":\"https:\/\/www.alpimmorama.com\/en\/#\/schema\/logo\/image\/\",\"url\":\"\",\"contentUrl\":\"\",\"caption\":\"Alpimmorama Agence immobili\u00e8re Samo\u00ebns\"},\"image\":{\"@id\":\"https:\/\/www.alpimmorama.com\/en\/#\/schema\/logo\/image\/\"},\"sameAs\":[\"https:\/\/www.facebook.com\/alpimmorama\",\"https:\/\/www.instagram.com\/valerie_casartelli_alpimmorama\/\",\"https:\/\/www.linkedin.com\/in\/valrie-casartelli-29ba9677\/\",\"https:\/\/www.youtube.com\/channel\/UCAnkyWLLh1qbJOTDvQiXjzg\"]}]}<\/script>\n<!-- \/ Yoast SEO plugin. -->","yoast_head_json":{"title":"Flat La\u00ffssia - Alpimmorama - Alpimmorama","description":"Alpimmorama is a digital estate agency located in Samo\u00ebns in the Giffre valley in Haute-Savoie. Specialists in Samo\u00ebns, Morillon, Verchaix and Sixt-Fer-\u00e0-Cheval.","robots":{"index":"noindex","follow":"nofollow"},"og_locale":"en_GB","og_type":"article","og_title":"Appartement La\u00ffssia - Alpimmorama - Alpimmorama","og_description":"Alpimmorama est une agence immobili\u00e8re digitale situ\u00e9e \u00e0 Samo\u00ebns dans la vall\u00e9e du Giffre en Haute-Savoie. Sp\u00e9cialiste en immobilier Samo\u00ebns, Morillon; Verchaix et Sixt-Fer-\u00e0-Cheval.","og_url":"https:\/\/www.alpimmorama.com\/wp-content\/uploads\/2022\/06\/20220415_8064_DCA.jpg","og_site_name":"Alpimmorama","article_publisher":"https:\/\/www.facebook.com\/alpimmorama","article_modified_time":"2025-03-24T15:27:05+00:00","og_image":[{"width":1365,"height":2048,"url":"https:\/\/www.alpimmorama.com\/wp-content\/uploads\/2022\/06\/20220415_8064_DCA.jpg","type":"image\/jpeg"}],"twitter_card":"summary_large_image","schema":{"@context":"https:\/\/schema.org","@graph":[{"@type":"WebPage","@id":"https:\/\/www.alpimmorama.com\/wp-content\/uploads\/2022\/06\/20220415_8064_DCA.jpg","url":"https:\/\/www.alpimmorama.com\/wp-content\/uploads\/2022\/06\/20220415_8064_DCA.jpg","name":"Flat La\u00ffssia - Alpimmorama - Alpimmorama","isPartOf":{"@id":"https:\/\/www.alpimmorama.com\/en\/#website"},"datePublished":"2022-06-27T15:46:49+00:00","dateModified":"2025-03-24T15:27:05+00:00","description":"Alpimmorama is a digital estate agency located in Samo\u00ebns in the Giffre valley in Haute-Savoie. Specialists in Samo\u00ebns, Morillon, Verchaix and Sixt-Fer-\u00e0-Cheval.","breadcrumb":{"@id":"https:\/\/www.alpimmorama.com\/wp-content\/uploads\/2022\/06\/20220415_8064_DCA.jpg#breadcrumb"},"inLanguage":"en-GB","potentialAction":[{"@type":"ReadAction","target":["https:\/\/www.alpimmorama.com\/wp-content\/uploads\/2022\/06\/20220415_8064_DCA.jpg"]}]},{"@type":"BreadcrumbList","@id":"https:\/\/www.alpimmorama.com\/wp-content\/uploads\/2022\/06\/20220415_8064_DCA.jpg#breadcrumb","itemListElement":[{"@type":"ListItem","position":1,"name":"Accueil","item":"https:\/\/www.alpimmorama.com\/"},{"@type":"ListItem","position":2,"name":"Appartement La\u00ffssia","item":"https:\/\/www.alpimmorama.com\/vente-appartement-samoens\/"},{"@type":"ListItem","position":3,"name":"Appartement La\u00ffssia &#8211; Alpimmorama"}]},{"@type":"WebSite","@id":"https:\/\/www.alpimmorama.com\/en\/#website","url":"https:\/\/www.alpimmorama.com\/en\/","name":"Alpimmorama","description":"Digital estate agency in Samo\u00ebns","publisher":{"@id":"https:\/\/www.alpimmorama.com\/en\/#organization"},"potentialAction":[{"@type":"SearchAction","target":{"@type":"EntryPoint","urlTemplate":"https:\/\/www.alpimmorama.com\/en\/?s={search_term_string}"},"query-input":{"@type":"PropertyValueSpecification","valueRequired":true,"valueName":"search_term_string"}}],"inLanguage":"en-GB"},{"@type":"Organization","@id":"https:\/\/www.alpimmorama.com\/en\/#organization","name":"Alpimmorama Real estate agency Samo\u00ebns","url":"https:\/\/www.alpimmorama.com\/en\/","logo":{"@type":"ImageObject","inLanguage":"en-GB","@id":"https:\/\/www.alpimmorama.com\/en\/#\/schema\/logo\/image\/","url":"","contentUrl":"","caption":"Alpimmorama Agence immobili\u00e8re Samo\u00ebns"},"image":{"@id":"https:\/\/www.alpimmorama.com\/en\/#\/schema\/logo\/image\/"},"sameAs":["https:\/\/www.facebook.com\/alpimmorama","https:\/\/www.instagram.com\/valerie_casartelli_alpimmorama\/","https:\/\/www.linkedin.com\/in\/valrie-casartelli-29ba9677\/","https:\/\/www.youtube.com\/channel\/UCAnkyWLLh1qbJOTDvQiXjzg"]}]}},"description":{"rendered":"<p class=\"attachment\"><a href='https:\/\/www.alpimmorama.com\/wp-content\/uploads\/2022\/06\/20220415_8064_DCA.jpg'><img fetchpriority=\"high\" decoding=\"async\" width=\"200\" height=\"300\" src=\"https:\/\/www.alpimmorama.com\/wp-content\/uploads\/2022\/06\/20220415_8064_DCA-200x300.jpg\" class=\"attachment-medium size-medium\" alt=\"\" srcset=\"https:\/\/www.alpimmorama.com\/wp-content\/uploads\/2022\/06\/20220415_8064_DCA-200x300.jpg 200w, https:\/\/www.alpimmorama.com\/wp-content\/uploads\/2022\/06\/20220415_8064_DCA-683x1024.jpg 683w, https:\/\/www.alpimmorama.com\/wp-content\/uploads\/2022\/06\/20220415_8064_DCA-768x1152.jpg 768w, https:\/\/www.alpimmorama.com\/wp-content\/uploads\/2022\/06\/20220415_8064_DCA-1024x1536.jpg 1024w, https:\/\/www.alpimmorama.com\/wp-content\/uploads\/2022\/06\/20220415_8064_DCA-8x12.jpg 8w, https:\/\/www.alpimmorama.com\/wp-content\/uploads\/2022\/06\/20220415_8064_DCA.jpg 1365w\" sizes=\"(max-width: 200px) 100vw, 200px\" \/><\/a><\/p>\n"},"caption":{"rendered":"<p>D\u00e9tail salon Duplex La\u00ffssia Photo \u00a9 David Casartelli<\/p>\n"},"alt_text":"","media_type":"image","mime_type":"image\/jpeg","media_details":{"width":1365,"height":2048,"file":"2022\/06\/20220415_8064_DCA.jpg","filesize":319301,"sizes":{"medium":{"file":"20220415_8064_DCA-200x300.jpg","width":200,"height":300,"filesize":31752,"mime_type":"image\/jpeg","source_url":"https:\/\/www.alpimmorama.com\/wp-content\/uploads\/2022\/06\/20220415_8064_DCA-200x300.jpg"},"large":{"file":"20220415_8064_DCA-683x1024.jpg","width":683,"height":1024,"filesize":83310,"mime_type":"image\/jpeg","source_url":"https:\/\/www.alpimmorama.com\/wp-content\/uploads\/2022\/06\/20220415_8064_DCA-683x1024.jpg"},"thumbnail":{"file":"20220415_8064_DCA-150x150.jpg","width":150,"height":150,"filesize":27553,"mime_type":"image\/jpeg","source_url":"https:\/\/www.alpimmorama.com\/wp-content\/uploads\/2022\/06\/20220415_8064_DCA-150x150.jpg"},"medium_large":{"file":"20220415_8064_DCA-768x1152.jpg","width":768,"height":1152,"filesize":96011,"mime_type":"image\/jpeg","source_url":"https:\/\/www.alpimmorama.com\/wp-content\/uploads\/2022\/06\/20220415_8064_DCA-768x1152.jpg"},"1536x1536":{"file":"20220415_8064_DCA-1024x1536.jpg","width":1024,"height":1536,"filesize":139643,"mime_type":"image\/jpeg","source_url":"https:\/\/www.alpimmorama.com\/wp-content\/uploads\/2022\/06\/20220415_8064_DCA-1024x1536.jpg"},"trp-custom-language-flag":{"file":"20220415_8064_DCA-8x12.jpg","width":8,"height":12,"filesize":24894,"mime_type":"image\/jpeg","source_url":"https:\/\/www.alpimmorama.com\/wp-content\/uploads\/2022\/06\/20220415_8064_DCA-8x12.jpg"},"htmega_size_585x295":{"file":"20220415_8064_DCA-585x295.jpg","width":585,"height":295,"filesize":36558,"mime_type":"image\/jpeg","source_url":"https:\/\/www.alpimmorama.com\/wp-content\/uploads\/2022\/06\/20220415_8064_DCA-585x295.jpg"},"htmega_size_1170x536":{"file":"20220415_8064_DCA-1170x536.jpg","width":1170,"height":536,"filesize":56541,"mime_type":"image\/jpeg","source_url":"https:\/\/www.alpimmorama.com\/wp-content\/uploads\/2022\/06\/20220415_8064_DCA-1170x536.jpg"},"htmega_size_396x360":{"file":"20220415_8064_DCA-396x360.jpg","width":396,"height":360,"filesize":36466,"mime_type":"image\/jpeg","source_url":"https:\/\/www.alpimmorama.com\/wp-content\/uploads\/2022\/06\/20220415_8064_DCA-396x360.jpg"},"full":{"file":"20220415_8064_DCA.jpg","width":1365,"height":2048,"mime_type":"image\/jpeg","source_url":"https:\/\/www.alpimmorama.com\/wp-content\/uploads\/2022\/06\/20220415_8064_DCA.jpg"}},"image_meta":{"aperture":"4","credit":"Photo \u00a9 David Casartelli","camera":"NIKON D850","caption":"Appartement La\u00ffssia - Alpimmorama at Chalets de La\u00ffssia, Centre, Samo\u00ebns, Haute-Savoie, France on April 15 2022. Photo \u00a9 David Casartelli","created_timestamp":"1650032231","copyright":"Copyright 2022 David Casartelli, all right reserved","focal_length":"70","iso":"320","shutter_speed":"0.016666666666667","title":"Flat La\u00ffssia - Alpimmorama","orientation":"0","keywords":["agence immobili\u00e8re digitale","appartements","chalets","fermes","terrains","vente"]}},"post":16096,"source_url":"https:\/\/www.alpimmorama.com\/wp-content\/uploads\/2022\/06\/20220415_8064_DCA.jpg","_links":{"self":[{"href":"https:\/\/www.alpimmorama.com\/en\/wp-json\/wp\/v2\/media\/16266","targetHints":{"allow":["GET"]}}],"collection":[{"href":"https:\/\/www.alpimmorama.com\/en\/wp-json\/wp\/v2\/media"}],"about":[{"href":"https:\/\/www.alpimmorama.com\/en\/wp-json\/wp\/v2\/types\/attachment"}],"author":[{"embeddable":true,"href":"https:\/\/www.alpimmorama.com\/en\/wp-json\/wp\/v2\/users\/20"}],"replies":[{"embeddable":true,"href":"https:\/\/www.alpimmorama.com\/en\/wp-json\/wp\/v2\/comments?post=16266"}],"wp:attached-to":[{"embeddable":true,"post_type":"page","id":16096,"href":"https:\/\/www.alpimmorama.com\/en\/wp-json\/wp\/v2\/pages\/16096"}],"curies":[{"name":"wp","href":"https:\/\/api.w.org\/{rel}","templated":true}]}}