{"id":23798,"date":"2025-03-11T14:32:08","date_gmt":"2025-03-11T13:32:08","guid":{"rendered":"https:\/\/www.alpimmorama.com\/wp-content\/uploads\/2025\/03\/1.jpg"},"modified":"2025-03-24T21:42:03","modified_gmt":"2025-03-24T20:42:03","slug":"properties-samoens","status":"inherit","type":"attachment","link":"https:\/\/www.alpimmorama.com\/en\/loi-de-finances-2025-quels-changements-pour-le-marche-immobilier\/immobilier-samoens\/","title":{"rendered":"properties samoens"},"author":20,"featured_media":0,"comment_status":"open","ping_status":"closed","template":"","meta":{"_uag_custom_page_level_css":"","site-sidebar-layout":"default","site-content-layout":"","ast-site-content-layout":"default","site-content-style":"default","site-sidebar-style":"default","ast-global-header-display":"","ast-banner-title-visibility":"","ast-main-header-display":"","ast-hfb-above-header-display":"","ast-hfb-below-header-display":"","ast-hfb-mobile-header-display":"","site-post-title":"","ast-breadcrumbs-content":"","ast-featured-img":"","footer-sml-layout":"","ast-disable-related-posts":"","theme-transparent-header-meta":"","adv-header-id-meta":"","stick-header-meta":"","header-above-stick-meta":"","header-main-stick-meta":"","header-below-stick-meta":"","astra-migrate-meta-layouts":"default","ast-page-background-enabled":"default","ast-page-background-meta":{"desktop":{"background-color":"","background-image":"","background-repeat":"repeat","background-position":"center center","background-size":"auto","background-attachment":"scroll","background-type":"","background-media":"","overlay-type":"","overlay-color":"","overlay-opacity":"","overlay-gradient":""},"tablet":{"background-color":"","background-image":"","background-repeat":"repeat","background-position":"center center","background-size":"auto","background-attachment":"scroll","background-type":"","background-media":"","overlay-type":"","overlay-color":"","overlay-opacity":"","overlay-gradient":""},"mobile":{"background-color":"","background-image":"","background-repeat":"repeat","background-position":"center center","background-size":"auto","background-attachment":"scroll","background-type":"","background-media":"","overlay-type":"","overlay-color":"","overlay-opacity":"","overlay-gradient":""}},"ast-content-background-meta":{"desktop":{"background-color":"var(--ast-global-color-5)","background-image":"","background-repeat":"repeat","background-position":"center center","background-size":"auto","background-attachment":"scroll","background-type":"","background-media":"","overlay-type":"","overlay-color":"","overlay-opacity":"","overlay-gradient":""},"tablet":{"background-color":"var(--ast-global-color-5)","background-image":"","background-repeat":"repeat","background-position":"center center","background-size":"auto","background-attachment":"scroll","background-type":"","background-media":"","overlay-type":"","overlay-color":"","overlay-opacity":"","overlay-gradient":""},"mobile":{"background-color":"var(--ast-global-color-5)","background-image":"","background-repeat":"repeat","background-position":"center center","background-size":"auto","background-attachment":"scroll","background-type":"","background-media":"","overlay-type":"","overlay-color":"","overlay-opacity":"","overlay-gradient":""}}},"class_list":["post-23798","attachment","type-attachment","status-inherit","hentry"],"yoast_head":"<!-- This site is optimized with the Yoast SEO plugin v26.7 - https:\/\/yoast.com\/wordpress\/plugins\/seo\/ -->\n<title>immobilier samoens - Alpimmorama immobilier samoens<\/title>\n<meta name=\"description\" content=\"Alpimmorama est une agence immobili\u00e8re digitale situ\u00e9e \u00e0 Samo\u00ebns dans la vall\u00e9e du Giffre en Haute-Savoie. Sp\u00e9cialiste en immobilier Samo\u00ebns, Morillon; Verchaix et Sixt-Fer-\u00e0-Cheval.\" \/>\n<meta name=\"robots\" content=\"noindex, nofollow\" \/>\n<meta property=\"og:locale\" content=\"en_GB\" \/>\n<meta property=\"og:type\" content=\"article\" \/>\n<meta property=\"og:title\" content=\"immobilier samoens - Alpimmorama immobilier samoens\" \/>\n<meta property=\"og:description\" content=\"Alpimmorama est une agence immobili\u00e8re digitale situ\u00e9e \u00e0 Samo\u00ebns dans la vall\u00e9e du Giffre en Haute-Savoie. Sp\u00e9cialiste en immobilier Samo\u00ebns, Morillon; Verchaix et Sixt-Fer-\u00e0-Cheval.\" \/>\n<meta property=\"og:url\" content=\"https:\/\/www.alpimmorama.com\/wp-content\/uploads\/2025\/03\/1.jpg\" \/>\n<meta property=\"og:site_name\" content=\"Alpimmorama\" \/>\n<meta property=\"article:publisher\" content=\"https:\/\/www.facebook.com\/alpimmorama\" \/>\n<meta property=\"article:modified_time\" content=\"2025-03-24T20:42:03+00:00\" \/>\n<meta property=\"og:image\" content=\"https:\/\/www.alpimmorama.com\/wp-content\/uploads\/2025\/03\/1.jpg\" \/>\n\t<meta property=\"og:image:width\" content=\"940\" \/>\n\t<meta property=\"og:image:height\" content=\"788\" \/>\n\t<meta property=\"og:image:type\" content=\"image\/jpeg\" \/>\n<meta name=\"twitter:card\" content=\"summary_large_image\" \/>\n<script type=\"application\/ld+json\" class=\"yoast-schema-graph\">{\"@context\":\"https:\/\/schema.org\",\"@graph\":[{\"@type\":\"WebPage\",\"@id\":\"https:\/\/www.alpimmorama.com\/wp-content\/uploads\/2025\/03\/1.jpg\",\"url\":\"https:\/\/www.alpimmorama.com\/wp-content\/uploads\/2025\/03\/1.jpg\",\"name\":\"immobilier samoens - Alpimmorama immobilier samoens\",\"isPartOf\":{\"@id\":\"https:\/\/www.alpimmorama.com\/en\/#website\"},\"datePublished\":\"2025-03-11T13:32:08+00:00\",\"dateModified\":\"2025-03-24T20:42:03+00:00\",\"description\":\"Alpimmorama est une agence immobili\u00e8re digitale situ\u00e9e \u00e0 Samo\u00ebns dans la vall\u00e9e du Giffre en Haute-Savoie. Sp\u00e9cialiste en immobilier Samo\u00ebns, Morillon; Verchaix et Sixt-Fer-\u00e0-Cheval.\",\"breadcrumb\":{\"@id\":\"https:\/\/www.alpimmorama.com\/wp-content\/uploads\/2025\/03\/1.jpg#breadcrumb\"},\"inLanguage\":\"en-GB\",\"potentialAction\":[{\"@type\":\"ReadAction\",\"target\":[\"https:\/\/www.alpimmorama.com\/wp-content\/uploads\/2025\/03\/1.jpg\"]}]},{\"@type\":\"BreadcrumbList\",\"@id\":\"https:\/\/www.alpimmorama.com\/wp-content\/uploads\/2025\/03\/1.jpg#breadcrumb\",\"itemListElement\":[{\"@type\":\"ListItem\",\"position\":1,\"name\":\"Accueil\",\"item\":\"https:\/\/www.alpimmorama.com\/\"},{\"@type\":\"ListItem\",\"position\":2,\"name\":\"Loi de finances 2025 : quels changements pour le march\u00e9 immobilier ?\",\"item\":\"https:\/\/www.alpimmorama.com\/loi-de-finances-2025-quels-changements-pour-le-marche-immobilier\/\"},{\"@type\":\"ListItem\",\"position\":3,\"name\":\"immobilier samoens\"}]},{\"@type\":\"WebSite\",\"@id\":\"https:\/\/www.alpimmorama.com\/en\/#website\",\"url\":\"https:\/\/www.alpimmorama.com\/en\/\",\"name\":\"Alpimmorama\",\"description\":\"Agence Immobili\u00e8re digitale \u00e0 Samo\u00ebns\",\"publisher\":{\"@id\":\"https:\/\/www.alpimmorama.com\/en\/#organization\"},\"potentialAction\":[{\"@type\":\"SearchAction\",\"target\":{\"@type\":\"EntryPoint\",\"urlTemplate\":\"https:\/\/www.alpimmorama.com\/en\/?s={search_term_string}\"},\"query-input\":{\"@type\":\"PropertyValueSpecification\",\"valueRequired\":true,\"valueName\":\"search_term_string\"}}],\"inLanguage\":\"en-GB\"},{\"@type\":\"Organization\",\"@id\":\"https:\/\/www.alpimmorama.com\/en\/#organization\",\"name\":\"Alpimmorama Agence immobili\u00e8re Samo\u00ebns\",\"url\":\"https:\/\/www.alpimmorama.com\/en\/\",\"logo\":{\"@type\":\"ImageObject\",\"inLanguage\":\"en-GB\",\"@id\":\"https:\/\/www.alpimmorama.com\/en\/#\/schema\/logo\/image\/\",\"url\":\"\",\"contentUrl\":\"\",\"caption\":\"Alpimmorama Agence immobili\u00e8re Samo\u00ebns\"},\"image\":{\"@id\":\"https:\/\/www.alpimmorama.com\/en\/#\/schema\/logo\/image\/\"},\"sameAs\":[\"https:\/\/www.facebook.com\/alpimmorama\",\"https:\/\/www.instagram.com\/valerie_casartelli_alpimmorama\/\",\"https:\/\/www.linkedin.com\/in\/valrie-casartelli-29ba9677\/\",\"https:\/\/www.youtube.com\/channel\/UCAnkyWLLh1qbJOTDvQiXjzg\"]}]}<\/script>\n<!-- \/ Yoast SEO plugin. -->","yoast_head_json":{"title":"immobilier samoens - Alpimmorama real estate samoens","description":"Alpimmorama is a digital estate agency located in Samo\u00ebns in the Giffre valley in Haute-Savoie. Specialists in Samo\u00ebns, Morillon, Verchaix and Sixt-Fer-\u00e0-Cheval.","robots":{"index":"noindex","follow":"nofollow"},"og_locale":"en_GB","og_type":"article","og_title":"immobilier samoens - Alpimmorama immobilier samoens","og_description":"Alpimmorama est une agence immobili\u00e8re digitale situ\u00e9e \u00e0 Samo\u00ebns dans la vall\u00e9e du Giffre en Haute-Savoie. Sp\u00e9cialiste en immobilier Samo\u00ebns, Morillon; Verchaix et Sixt-Fer-\u00e0-Cheval.","og_url":"https:\/\/www.alpimmorama.com\/wp-content\/uploads\/2025\/03\/1.jpg","og_site_name":"Alpimmorama","article_publisher":"https:\/\/www.facebook.com\/alpimmorama","article_modified_time":"2025-03-24T20:42:03+00:00","og_image":[{"width":940,"height":788,"url":"https:\/\/www.alpimmorama.com\/wp-content\/uploads\/2025\/03\/1.jpg","type":"image\/jpeg"}],"twitter_card":"summary_large_image","schema":{"@context":"https:\/\/schema.org","@graph":[{"@type":"WebPage","@id":"https:\/\/www.alpimmorama.com\/wp-content\/uploads\/2025\/03\/1.jpg","url":"https:\/\/www.alpimmorama.com\/wp-content\/uploads\/2025\/03\/1.jpg","name":"immobilier samoens - Alpimmorama real estate samoens","isPartOf":{"@id":"https:\/\/www.alpimmorama.com\/en\/#website"},"datePublished":"2025-03-11T13:32:08+00:00","dateModified":"2025-03-24T20:42:03+00:00","description":"Alpimmorama is a digital estate agency located in Samo\u00ebns in the Giffre valley in Haute-Savoie. Specialists in Samo\u00ebns, Morillon, Verchaix and Sixt-Fer-\u00e0-Cheval.","breadcrumb":{"@id":"https:\/\/www.alpimmorama.com\/wp-content\/uploads\/2025\/03\/1.jpg#breadcrumb"},"inLanguage":"en-GB","potentialAction":[{"@type":"ReadAction","target":["https:\/\/www.alpimmorama.com\/wp-content\/uploads\/2025\/03\/1.jpg"]}]},{"@type":"BreadcrumbList","@id":"https:\/\/www.alpimmorama.com\/wp-content\/uploads\/2025\/03\/1.jpg#breadcrumb","itemListElement":[{"@type":"ListItem","position":1,"name":"Accueil","item":"https:\/\/www.alpimmorama.com\/"},{"@type":"ListItem","position":2,"name":"Loi de finances 2025 : quels changements pour le march\u00e9 immobilier ?","item":"https:\/\/www.alpimmorama.com\/loi-de-finances-2025-quels-changements-pour-le-marche-immobilier\/"},{"@type":"ListItem","position":3,"name":"immobilier samoens"}]},{"@type":"WebSite","@id":"https:\/\/www.alpimmorama.com\/en\/#website","url":"https:\/\/www.alpimmorama.com\/en\/","name":"Alpimmorama","description":"Digital estate agency in Samo\u00ebns","publisher":{"@id":"https:\/\/www.alpimmorama.com\/en\/#organization"},"potentialAction":[{"@type":"SearchAction","target":{"@type":"EntryPoint","urlTemplate":"https:\/\/www.alpimmorama.com\/en\/?s={search_term_string}"},"query-input":{"@type":"PropertyValueSpecification","valueRequired":true,"valueName":"search_term_string"}}],"inLanguage":"en-GB"},{"@type":"Organization","@id":"https:\/\/www.alpimmorama.com\/en\/#organization","name":"Alpimmorama Real estate agency Samo\u00ebns","url":"https:\/\/www.alpimmorama.com\/en\/","logo":{"@type":"ImageObject","inLanguage":"en-GB","@id":"https:\/\/www.alpimmorama.com\/en\/#\/schema\/logo\/image\/","url":"","contentUrl":"","caption":"Alpimmorama Agence immobili\u00e8re Samo\u00ebns"},"image":{"@id":"https:\/\/www.alpimmorama.com\/en\/#\/schema\/logo\/image\/"},"sameAs":["https:\/\/www.facebook.com\/alpimmorama","https:\/\/www.instagram.com\/valerie_casartelli_alpimmorama\/","https:\/\/www.linkedin.com\/in\/valrie-casartelli-29ba9677\/","https:\/\/www.youtube.com\/channel\/UCAnkyWLLh1qbJOTDvQiXjzg"]}]}},"description":{"rendered":"<p class=\"attachment\"><a href='https:\/\/www.alpimmorama.com\/wp-content\/uploads\/2025\/03\/1.jpg'><img fetchpriority=\"high\" decoding=\"async\" width=\"300\" height=\"251\" src=\"https:\/\/www.alpimmorama.com\/wp-content\/uploads\/2025\/03\/1-300x251.jpg\" class=\"attachment-medium size-medium\" alt=\"loi de finance immobilier samoens\" srcset=\"https:\/\/www.alpimmorama.com\/wp-content\/uploads\/2025\/03\/1-300x251.jpg 300w, https:\/\/www.alpimmorama.com\/wp-content\/uploads\/2025\/03\/1-768x644.jpg 768w, https:\/\/www.alpimmorama.com\/wp-content\/uploads\/2025\/03\/1-14x12.jpg 14w, https:\/\/www.alpimmorama.com\/wp-content\/uploads\/2025\/03\/1.jpg 940w\" sizes=\"(max-width: 300px) 100vw, 300px\" \/><\/a><\/p>\n"},"caption":{"rendered":""},"alt_text":"loi de finance immobilier samoens","media_type":"image","mime_type":"image\/jpeg","media_details":{"width":940,"height":788,"file":"2025\/03\/1.jpg","filesize":71510,"sizes":{"medium":{"file":"1-300x251.jpg","width":300,"height":251,"filesize":14603,"mime_type":"image\/jpeg","source_url":"https:\/\/www.alpimmorama.com\/wp-content\/uploads\/2025\/03\/1-300x251.jpg"},"thumbnail":{"file":"1-150x150.jpg","width":150,"height":150,"filesize":8288,"mime_type":"image\/jpeg","source_url":"https:\/\/www.alpimmorama.com\/wp-content\/uploads\/2025\/03\/1-150x150.jpg"},"medium_large":{"file":"1-768x644.jpg","width":768,"height":644,"filesize":51022,"mime_type":"image\/jpeg","source_url":"https:\/\/www.alpimmorama.com\/wp-content\/uploads\/2025\/03\/1-768x644.jpg"},"trp-custom-language-flag":{"file":"1-14x12.jpg","width":14,"height":12,"filesize":4231,"mime_type":"image\/jpeg","source_url":"https:\/\/www.alpimmorama.com\/wp-content\/uploads\/2025\/03\/1-14x12.jpg"},"htmega_size_585x295":{"file":"1-585x295.jpg","width":585,"height":295,"filesize":25156,"mime_type":"image\/jpeg","source_url":"https:\/\/www.alpimmorama.com\/wp-content\/uploads\/2025\/03\/1-585x295.jpg"},"htmega_size_1170x536":{"file":"1-940x536.jpg","width":940,"height":536,"filesize":58359,"mime_type":"image\/jpeg","source_url":"https:\/\/www.alpimmorama.com\/wp-content\/uploads\/2025\/03\/1-940x536.jpg"},"htmega_size_396x360":{"file":"1-396x360.jpg","width":396,"height":360,"filesize":21525,"mime_type":"image\/jpeg","source_url":"https:\/\/www.alpimmorama.com\/wp-content\/uploads\/2025\/03\/1-396x360.jpg"},"full":{"file":"1.jpg","width":940,"height":788,"mime_type":"image\/jpeg","source_url":"https:\/\/www.alpimmorama.com\/wp-content\/uploads\/2025\/03\/1.jpg"}},"image_meta":{"aperture":"0","credit":"","camera":"","caption":"","created_timestamp":"0","copyright":"","focal_length":"0","iso":"0","shutter_speed":"0","title":"","orientation":"1","keywords":[]}},"post":23733,"source_url":"https:\/\/www.alpimmorama.com\/wp-content\/uploads\/2025\/03\/1.jpg","_links":{"self":[{"href":"https:\/\/www.alpimmorama.com\/en\/wp-json\/wp\/v2\/media\/23798","targetHints":{"allow":["GET"]}}],"collection":[{"href":"https:\/\/www.alpimmorama.com\/en\/wp-json\/wp\/v2\/media"}],"about":[{"href":"https:\/\/www.alpimmorama.com\/en\/wp-json\/wp\/v2\/types\/attachment"}],"author":[{"embeddable":true,"href":"https:\/\/www.alpimmorama.com\/en\/wp-json\/wp\/v2\/users\/20"}],"replies":[{"embeddable":true,"href":"https:\/\/www.alpimmorama.com\/en\/wp-json\/wp\/v2\/comments?post=23798"}],"wp:attached-to":[{"embeddable":true,"post_type":"post","id":23733,"href":"https:\/\/www.alpimmorama.com\/en\/wp-json\/wp\/v2\/posts\/23733"}],"curies":[{"name":"wp","href":"https:\/\/api.w.org\/{rel}","templated":true}]}}