{"id":25747,"date":"2025-08-27T13:10:39","date_gmt":"2025-08-27T11:10:39","guid":{"rendered":"https:\/\/www.alpimmorama.com\/wp-content\/uploads\/2025\/08\/Les-Carroz-daraches.jpeg"},"modified":"2025-08-27T13:11:02","modified_gmt":"2025-08-27T11:11:02","slug":"les-carroz-daraches","status":"inherit","type":"attachment","link":"https:\/\/www.alpimmorama.com\/en\/araches-la-frasse-entre-tradition-montagnarde-et-modernite-alpine\/les-carroz-daraches\/","title":{"rendered":"Les Carroz d'araches"},"author":20,"featured_media":0,"comment_status":"open","ping_status":"closed","template":"","meta":{"_uag_custom_page_level_css":"","site-sidebar-layout":"default","site-content-layout":"","ast-site-content-layout":"default","site-content-style":"default","site-sidebar-style":"default","ast-global-header-display":"","ast-banner-title-visibility":"","ast-main-header-display":"","ast-hfb-above-header-display":"","ast-hfb-below-header-display":"","ast-hfb-mobile-header-display":"","site-post-title":"","ast-breadcrumbs-content":"","ast-featured-img":"","footer-sml-layout":"","ast-disable-related-posts":"","theme-transparent-header-meta":"","adv-header-id-meta":"","stick-header-meta":"","header-above-stick-meta":"","header-main-stick-meta":"","header-below-stick-meta":"","astra-migrate-meta-layouts":"default","ast-page-background-enabled":"default","ast-page-background-meta":{"desktop":{"background-color":"","background-image":"","background-repeat":"repeat","background-position":"center center","background-size":"auto","background-attachment":"scroll","background-type":"","background-media":"","overlay-type":"","overlay-color":"","overlay-opacity":"","overlay-gradient":""},"tablet":{"background-color":"","background-image":"","background-repeat":"repeat","background-position":"center center","background-size":"auto","background-attachment":"scroll","background-type":"","background-media":"","overlay-type":"","overlay-color":"","overlay-opacity":"","overlay-gradient":""},"mobile":{"background-color":"","background-image":"","background-repeat":"repeat","background-position":"center center","background-size":"auto","background-attachment":"scroll","background-type":"","background-media":"","overlay-type":"","overlay-color":"","overlay-opacity":"","overlay-gradient":""}},"ast-content-background-meta":{"desktop":{"background-color":"var(--ast-global-color-5)","background-image":"","background-repeat":"repeat","background-position":"center center","background-size":"auto","background-attachment":"scroll","background-type":"","background-media":"","overlay-type":"","overlay-color":"","overlay-opacity":"","overlay-gradient":""},"tablet":{"background-color":"var(--ast-global-color-5)","background-image":"","background-repeat":"repeat","background-position":"center center","background-size":"auto","background-attachment":"scroll","background-type":"","background-media":"","overlay-type":"","overlay-color":"","overlay-opacity":"","overlay-gradient":""},"mobile":{"background-color":"var(--ast-global-color-5)","background-image":"","background-repeat":"repeat","background-position":"center center","background-size":"auto","background-attachment":"scroll","background-type":"","background-media":"","overlay-type":"","overlay-color":"","overlay-opacity":"","overlay-gradient":""}}},"class_list":["post-25747","attachment","type-attachment","status-inherit","hentry"],"yoast_head":"<!-- This site is optimized with the Yoast SEO plugin v26.7 - https:\/\/yoast.com\/wordpress\/plugins\/seo\/ -->\n<title>Les Carroz d&#039;araches - Alpimmorama<\/title>\n<meta name=\"description\" content=\"Alpimmorama est une agence immobili\u00e8re digitale situ\u00e9e \u00e0 Samo\u00ebns dans la vall\u00e9e du Giffre en Haute-Savoie. Sp\u00e9cialiste en immobilier Samo\u00ebns, Morillon; Verchaix et Sixt-Fer-\u00e0-Cheval.\" \/>\n<meta name=\"robots\" content=\"index, follow, max-snippet:-1, max-image-preview:large, max-video-preview:-1\" \/>\n<link rel=\"canonical\" href=\"https:\/\/www.alpimmorama.com\/wp-content\/uploads\/2025\/08\/Les-Carroz-daraches.jpeg\" \/>\n<meta property=\"og:locale\" content=\"en_GB\" \/>\n<meta property=\"og:type\" content=\"article\" \/>\n<meta property=\"og:title\" content=\"Les Carroz d&#039;araches - Alpimmorama\" \/>\n<meta property=\"og:description\" content=\"Alpimmorama est une agence immobili\u00e8re digitale situ\u00e9e \u00e0 Samo\u00ebns dans la vall\u00e9e du Giffre en Haute-Savoie. Sp\u00e9cialiste en immobilier Samo\u00ebns, Morillon; Verchaix et Sixt-Fer-\u00e0-Cheval.\" \/>\n<meta property=\"og:url\" content=\"https:\/\/www.alpimmorama.com\/wp-content\/uploads\/2025\/08\/Les-Carroz-daraches.jpeg\" \/>\n<meta property=\"og:site_name\" content=\"Alpimmorama\" \/>\n<meta property=\"article:publisher\" content=\"https:\/\/www.facebook.com\/alpimmorama\" \/>\n<meta property=\"article:modified_time\" content=\"2025-08-27T11:11:02+00:00\" \/>\n<meta property=\"og:image\" content=\"https:\/\/www.alpimmorama.com\/wp-content\/uploads\/2025\/08\/Les-Carroz-daraches.jpeg\" \/>\n\t<meta property=\"og:image:width\" content=\"1920\" \/>\n\t<meta property=\"og:image:height\" content=\"1079\" \/>\n\t<meta property=\"og:image:type\" content=\"image\/jpeg\" \/>\n<meta name=\"twitter:card\" content=\"summary_large_image\" \/>\n<script type=\"application\/ld+json\" class=\"yoast-schema-graph\">{\"@context\":\"https:\/\/schema.org\",\"@graph\":[{\"@type\":\"WebPage\",\"@id\":\"https:\/\/www.alpimmorama.com\/wp-content\/uploads\/2025\/08\/Les-Carroz-daraches.jpeg\",\"url\":\"https:\/\/www.alpimmorama.com\/wp-content\/uploads\/2025\/08\/Les-Carroz-daraches.jpeg\",\"name\":\"Les Carroz d'araches - Alpimmorama\",\"isPartOf\":{\"@id\":\"https:\/\/www.alpimmorama.com\/en\/#website\"},\"datePublished\":\"2025-08-27T11:10:39+00:00\",\"dateModified\":\"2025-08-27T11:11:02+00:00\",\"description\":\"Alpimmorama est une agence immobili\u00e8re digitale situ\u00e9e \u00e0 Samo\u00ebns dans la vall\u00e9e du Giffre en Haute-Savoie. Sp\u00e9cialiste en immobilier Samo\u00ebns, Morillon; Verchaix et Sixt-Fer-\u00e0-Cheval.\",\"breadcrumb\":{\"@id\":\"https:\/\/www.alpimmorama.com\/wp-content\/uploads\/2025\/08\/Les-Carroz-daraches.jpeg#breadcrumb\"},\"inLanguage\":\"en-GB\",\"potentialAction\":[{\"@type\":\"ReadAction\",\"target\":[\"https:\/\/www.alpimmorama.com\/wp-content\/uploads\/2025\/08\/Les-Carroz-daraches.jpeg\"]}]},{\"@type\":\"BreadcrumbList\",\"@id\":\"https:\/\/www.alpimmorama.com\/wp-content\/uploads\/2025\/08\/Les-Carroz-daraches.jpeg#breadcrumb\",\"itemListElement\":[{\"@type\":\"ListItem\",\"position\":1,\"name\":\"Accueil\",\"item\":\"https:\/\/www.alpimmorama.com\/\"},{\"@type\":\"ListItem\",\"position\":2,\"name\":\"Ar\u00e2ches-la-Frasse : entre tradition montagnarde et modernit\u00e9 alpine\",\"item\":\"https:\/\/www.alpimmorama.com\/araches-la-frasse-entre-tradition-montagnarde-et-modernite-alpine\/\"},{\"@type\":\"ListItem\",\"position\":3,\"name\":\"Les Carroz d&rsquo;araches\"}]},{\"@type\":\"WebSite\",\"@id\":\"https:\/\/www.alpimmorama.com\/en\/#website\",\"url\":\"https:\/\/www.alpimmorama.com\/en\/\",\"name\":\"Alpimmorama\",\"description\":\"Agence Immobili\u00e8re digitale \u00e0 Samo\u00ebns\",\"publisher\":{\"@id\":\"https:\/\/www.alpimmorama.com\/en\/#organization\"},\"potentialAction\":[{\"@type\":\"SearchAction\",\"target\":{\"@type\":\"EntryPoint\",\"urlTemplate\":\"https:\/\/www.alpimmorama.com\/en\/?s={search_term_string}\"},\"query-input\":{\"@type\":\"PropertyValueSpecification\",\"valueRequired\":true,\"valueName\":\"search_term_string\"}}],\"inLanguage\":\"en-GB\"},{\"@type\":\"Organization\",\"@id\":\"https:\/\/www.alpimmorama.com\/en\/#organization\",\"name\":\"Alpimmorama Agence immobili\u00e8re Samo\u00ebns\",\"url\":\"https:\/\/www.alpimmorama.com\/en\/\",\"logo\":{\"@type\":\"ImageObject\",\"inLanguage\":\"en-GB\",\"@id\":\"https:\/\/www.alpimmorama.com\/en\/#\/schema\/logo\/image\/\",\"url\":\"\",\"contentUrl\":\"\",\"caption\":\"Alpimmorama Agence immobili\u00e8re Samo\u00ebns\"},\"image\":{\"@id\":\"https:\/\/www.alpimmorama.com\/en\/#\/schema\/logo\/image\/\"},\"sameAs\":[\"https:\/\/www.facebook.com\/alpimmorama\",\"https:\/\/www.instagram.com\/valerie_casartelli_alpimmorama\/\",\"https:\/\/www.linkedin.com\/in\/valrie-casartelli-29ba9677\/\",\"https:\/\/www.youtube.com\/channel\/UCAnkyWLLh1qbJOTDvQiXjzg\"]}]}<\/script>\n<!-- \/ Yoast SEO plugin. -->","yoast_head_json":{"title":"Les Carroz d'araches - Alpimmorama","description":"Alpimmorama is a digital estate agency located in Samo\u00ebns in the Giffre valley in Haute-Savoie. Specialists in Samo\u00ebns, Morillon, Verchaix and Sixt-Fer-\u00e0-Cheval.","robots":{"index":"index","follow":"follow","max-snippet":"max-snippet:-1","max-image-preview":"max-image-preview:large","max-video-preview":"max-video-preview:-1"},"canonical":"https:\/\/www.alpimmorama.com\/wp-content\/uploads\/2025\/08\/Les-Carroz-daraches.jpeg","og_locale":"en_GB","og_type":"article","og_title":"Les Carroz d'araches - Alpimmorama","og_description":"Alpimmorama est une agence immobili\u00e8re digitale situ\u00e9e \u00e0 Samo\u00ebns dans la vall\u00e9e du Giffre en Haute-Savoie. Sp\u00e9cialiste en immobilier Samo\u00ebns, Morillon; Verchaix et Sixt-Fer-\u00e0-Cheval.","og_url":"https:\/\/www.alpimmorama.com\/wp-content\/uploads\/2025\/08\/Les-Carroz-daraches.jpeg","og_site_name":"Alpimmorama","article_publisher":"https:\/\/www.facebook.com\/alpimmorama","article_modified_time":"2025-08-27T11:11:02+00:00","og_image":[{"width":1920,"height":1079,"url":"https:\/\/www.alpimmorama.com\/wp-content\/uploads\/2025\/08\/Les-Carroz-daraches.jpeg","type":"image\/jpeg"}],"twitter_card":"summary_large_image","schema":{"@context":"https:\/\/schema.org","@graph":[{"@type":"WebPage","@id":"https:\/\/www.alpimmorama.com\/wp-content\/uploads\/2025\/08\/Les-Carroz-daraches.jpeg","url":"https:\/\/www.alpimmorama.com\/wp-content\/uploads\/2025\/08\/Les-Carroz-daraches.jpeg","name":"Les Carroz d'araches - Alpimmorama","isPartOf":{"@id":"https:\/\/www.alpimmorama.com\/en\/#website"},"datePublished":"2025-08-27T11:10:39+00:00","dateModified":"2025-08-27T11:11:02+00:00","description":"Alpimmorama is a digital estate agency located in Samo\u00ebns in the Giffre valley in Haute-Savoie. Specialists in Samo\u00ebns, Morillon, Verchaix and Sixt-Fer-\u00e0-Cheval.","breadcrumb":{"@id":"https:\/\/www.alpimmorama.com\/wp-content\/uploads\/2025\/08\/Les-Carroz-daraches.jpeg#breadcrumb"},"inLanguage":"en-GB","potentialAction":[{"@type":"ReadAction","target":["https:\/\/www.alpimmorama.com\/wp-content\/uploads\/2025\/08\/Les-Carroz-daraches.jpeg"]}]},{"@type":"BreadcrumbList","@id":"https:\/\/www.alpimmorama.com\/wp-content\/uploads\/2025\/08\/Les-Carroz-daraches.jpeg#breadcrumb","itemListElement":[{"@type":"ListItem","position":1,"name":"Accueil","item":"https:\/\/www.alpimmorama.com\/"},{"@type":"ListItem","position":2,"name":"Ar\u00e2ches-la-Frasse : entre tradition montagnarde et modernit\u00e9 alpine","item":"https:\/\/www.alpimmorama.com\/araches-la-frasse-entre-tradition-montagnarde-et-modernite-alpine\/"},{"@type":"ListItem","position":3,"name":"Les Carroz d&rsquo;araches"}]},{"@type":"WebSite","@id":"https:\/\/www.alpimmorama.com\/en\/#website","url":"https:\/\/www.alpimmorama.com\/en\/","name":"Alpimmorama","description":"Digital estate agency in Samo\u00ebns","publisher":{"@id":"https:\/\/www.alpimmorama.com\/en\/#organization"},"potentialAction":[{"@type":"SearchAction","target":{"@type":"EntryPoint","urlTemplate":"https:\/\/www.alpimmorama.com\/en\/?s={search_term_string}"},"query-input":{"@type":"PropertyValueSpecification","valueRequired":true,"valueName":"search_term_string"}}],"inLanguage":"en-GB"},{"@type":"Organization","@id":"https:\/\/www.alpimmorama.com\/en\/#organization","name":"Alpimmorama Real estate agency Samo\u00ebns","url":"https:\/\/www.alpimmorama.com\/en\/","logo":{"@type":"ImageObject","inLanguage":"en-GB","@id":"https:\/\/www.alpimmorama.com\/en\/#\/schema\/logo\/image\/","url":"","contentUrl":"","caption":"Alpimmorama Agence immobili\u00e8re Samo\u00ebns"},"image":{"@id":"https:\/\/www.alpimmorama.com\/en\/#\/schema\/logo\/image\/"},"sameAs":["https:\/\/www.facebook.com\/alpimmorama","https:\/\/www.instagram.com\/valerie_casartelli_alpimmorama\/","https:\/\/www.linkedin.com\/in\/valrie-casartelli-29ba9677\/","https:\/\/www.youtube.com\/channel\/UCAnkyWLLh1qbJOTDvQiXjzg"]}]}},"description":{"rendered":"<p class=\"attachment\"><a href='https:\/\/www.alpimmorama.com\/wp-content\/uploads\/2025\/08\/Les-Carroz-daraches.jpeg'><img fetchpriority=\"high\" decoding=\"async\" width=\"300\" height=\"169\" src=\"https:\/\/www.alpimmorama.com\/wp-content\/uploads\/2025\/08\/Les-Carroz-daraches-300x169.jpeg\" class=\"attachment-medium size-medium\" alt=\"les carroz d&#039;araches village\" srcset=\"https:\/\/www.alpimmorama.com\/wp-content\/uploads\/2025\/08\/Les-Carroz-daraches-300x169.jpeg 300w, https:\/\/www.alpimmorama.com\/wp-content\/uploads\/2025\/08\/Les-Carroz-daraches-1024x575.jpeg 1024w, https:\/\/www.alpimmorama.com\/wp-content\/uploads\/2025\/08\/Les-Carroz-daraches-768x432.jpeg 768w, https:\/\/www.alpimmorama.com\/wp-content\/uploads\/2025\/08\/Les-Carroz-daraches-1536x863.jpeg 1536w, https:\/\/www.alpimmorama.com\/wp-content\/uploads\/2025\/08\/Les-Carroz-daraches-18x10.jpeg 18w, https:\/\/www.alpimmorama.com\/wp-content\/uploads\/2025\/08\/Les-Carroz-daraches.jpeg 1920w\" sizes=\"(max-width: 300px) 100vw, 300px\" \/><\/a><\/p>\n"},"caption":{"rendered":"<p>les carroz d&rsquo;araches village<\/p>\n"},"alt_text":"les carroz d'araches village","media_type":"image","mime_type":"image\/jpeg","media_details":{"width":1920,"height":1079,"file":"2025\/08\/Les-Carroz-daraches.jpeg","filesize":495064,"sizes":{"medium":{"file":"Les-Carroz-daraches-300x169.jpeg","width":300,"height":169,"filesize":17008,"mime_type":"image\/jpeg","source_url":"https:\/\/www.alpimmorama.com\/wp-content\/uploads\/2025\/08\/Les-Carroz-daraches-300x169.jpeg"},"large":{"file":"Les-Carroz-daraches-1024x575.jpeg","width":1024,"height":575,"filesize":158320,"mime_type":"image\/jpeg","source_url":"https:\/\/www.alpimmorama.com\/wp-content\/uploads\/2025\/08\/Les-Carroz-daraches-1024x575.jpeg"},"thumbnail":{"file":"Les-Carroz-daraches-150x150.jpeg","width":150,"height":150,"filesize":8593,"mime_type":"image\/jpeg","source_url":"https:\/\/www.alpimmorama.com\/wp-content\/uploads\/2025\/08\/Les-Carroz-daraches-150x150.jpeg"},"medium_large":{"file":"Les-Carroz-daraches-768x432.jpeg","width":768,"height":432,"filesize":93759,"mime_type":"image\/jpeg","source_url":"https:\/\/www.alpimmorama.com\/wp-content\/uploads\/2025\/08\/Les-Carroz-daraches-768x432.jpeg"},"1536x1536":{"file":"Les-Carroz-daraches-1536x863.jpeg","width":1536,"height":863,"filesize":320140,"mime_type":"image\/jpeg","source_url":"https:\/\/www.alpimmorama.com\/wp-content\/uploads\/2025\/08\/Les-Carroz-daraches-1536x863.jpeg"},"trp-custom-language-flag":{"file":"Les-Carroz-daraches-18x10.jpeg","width":18,"height":10,"filesize":420,"mime_type":"image\/jpeg","source_url":"https:\/\/www.alpimmorama.com\/wp-content\/uploads\/2025\/08\/Les-Carroz-daraches-18x10.jpeg"},"full":{"file":"Les-Carroz-daraches.jpeg","width":1920,"height":1079,"mime_type":"image\/jpeg","source_url":"https:\/\/www.alpimmorama.com\/wp-content\/uploads\/2025\/08\/Les-Carroz-daraches.jpeg"}},"image_meta":{"aperture":"0","credit":"","camera":"","caption":"","created_timestamp":"0","copyright":"","focal_length":"0","iso":"0","shutter_speed":"0","title":"","orientation":"0","keywords":[]}},"post":25733,"source_url":"https:\/\/www.alpimmorama.com\/wp-content\/uploads\/2025\/08\/Les-Carroz-daraches.jpeg","_links":{"self":[{"href":"https:\/\/www.alpimmorama.com\/en\/wp-json\/wp\/v2\/media\/25747","targetHints":{"allow":["GET"]}}],"collection":[{"href":"https:\/\/www.alpimmorama.com\/en\/wp-json\/wp\/v2\/media"}],"about":[{"href":"https:\/\/www.alpimmorama.com\/en\/wp-json\/wp\/v2\/types\/attachment"}],"author":[{"embeddable":true,"href":"https:\/\/www.alpimmorama.com\/en\/wp-json\/wp\/v2\/users\/20"}],"replies":[{"embeddable":true,"href":"https:\/\/www.alpimmorama.com\/en\/wp-json\/wp\/v2\/comments?post=25747"}],"wp:attached-to":[{"embeddable":true,"post_type":"post","id":25733,"href":"https:\/\/www.alpimmorama.com\/en\/wp-json\/wp\/v2\/posts\/25733"}],"curies":[{"name":"wp","href":"https:\/\/api.w.org\/{rel}","templated":true}]}}