{"id":26261,"date":"2025-09-21T17:13:18","date_gmt":"2025-09-21T15:13:18","guid":{"rendered":"https:\/\/www.alpimmorama.com\/wp-content\/uploads\/2025\/09\/chambre-apres.png"},"modified":"2025-09-21T17:13:18","modified_gmt":"2025-09-21T15:13:18","slug":"room-after","status":"inherit","type":"attachment","link":"https:\/\/www.alpimmorama.com\/en\/ferme-mitoyenne-demi-lune-samoens\/chambre-apres\/","title":{"rendered":"room after"},"author":20,"featured_media":0,"comment_status":"open","ping_status":"closed","template":"","meta":{"_uag_custom_page_level_css":"","site-sidebar-layout":"default","site-content-layout":"","ast-site-content-layout":"default","site-content-style":"default","site-sidebar-style":"default","ast-global-header-display":"","ast-banner-title-visibility":"","ast-main-header-display":"","ast-hfb-above-header-display":"","ast-hfb-below-header-display":"","ast-hfb-mobile-header-display":"","site-post-title":"","ast-breadcrumbs-content":"","ast-featured-img":"","footer-sml-layout":"","ast-disable-related-posts":"","theme-transparent-header-meta":"","adv-header-id-meta":"","stick-header-meta":"","header-above-stick-meta":"","header-main-stick-meta":"","header-below-stick-meta":"","astra-migrate-meta-layouts":"default","ast-page-background-enabled":"default","ast-page-background-meta":{"desktop":{"background-color":"","background-image":"","background-repeat":"repeat","background-position":"center center","background-size":"auto","background-attachment":"scroll","background-type":"","background-media":"","overlay-type":"","overlay-color":"","overlay-opacity":"","overlay-gradient":""},"tablet":{"background-color":"","background-image":"","background-repeat":"repeat","background-position":"center center","background-size":"auto","background-attachment":"scroll","background-type":"","background-media":"","overlay-type":"","overlay-color":"","overlay-opacity":"","overlay-gradient":""},"mobile":{"background-color":"","background-image":"","background-repeat":"repeat","background-position":"center center","background-size":"auto","background-attachment":"scroll","background-type":"","background-media":"","overlay-type":"","overlay-color":"","overlay-opacity":"","overlay-gradient":""}},"ast-content-background-meta":{"desktop":{"background-color":"var(--ast-global-color-5)","background-image":"","background-repeat":"repeat","background-position":"center center","background-size":"auto","background-attachment":"scroll","background-type":"","background-media":"","overlay-type":"","overlay-color":"","overlay-opacity":"","overlay-gradient":""},"tablet":{"background-color":"var(--ast-global-color-5)","background-image":"","background-repeat":"repeat","background-position":"center center","background-size":"auto","background-attachment":"scroll","background-type":"","background-media":"","overlay-type":"","overlay-color":"","overlay-opacity":"","overlay-gradient":""},"mobile":{"background-color":"var(--ast-global-color-5)","background-image":"","background-repeat":"repeat","background-position":"center center","background-size":"auto","background-attachment":"scroll","background-type":"","background-media":"","overlay-type":"","overlay-color":"","overlay-opacity":"","overlay-gradient":""}}},"class_list":["post-26261","attachment","type-attachment","status-inherit","hentry"],"yoast_head":"<!-- This site is optimized with the Yoast SEO plugin v26.7 - https:\/\/yoast.com\/wordpress\/plugins\/seo\/ -->\n<title>chambre apres - Alpimmorama<\/title>\n<meta name=\"description\" content=\"Alpimmorama est une agence immobili\u00e8re digitale situ\u00e9e \u00e0 Samo\u00ebns dans la vall\u00e9e du Giffre en Haute-Savoie. Sp\u00e9cialiste en immobilier Samo\u00ebns, Morillon; Verchaix et Sixt-Fer-\u00e0-Cheval.\" \/>\n<meta name=\"robots\" content=\"index, follow, max-snippet:-1, max-image-preview:large, max-video-preview:-1\" \/>\n<link rel=\"canonical\" href=\"https:\/\/www.alpimmorama.com\/wp-content\/uploads\/2025\/09\/chambre-apres.png\" \/>\n<meta property=\"og:locale\" content=\"en_GB\" \/>\n<meta property=\"og:type\" content=\"article\" \/>\n<meta property=\"og:title\" content=\"chambre apres - Alpimmorama\" \/>\n<meta property=\"og:description\" content=\"Alpimmorama est une agence immobili\u00e8re digitale situ\u00e9e \u00e0 Samo\u00ebns dans la vall\u00e9e du Giffre en Haute-Savoie. Sp\u00e9cialiste en immobilier Samo\u00ebns, Morillon; Verchaix et Sixt-Fer-\u00e0-Cheval.\" \/>\n<meta property=\"og:url\" content=\"https:\/\/www.alpimmorama.com\/wp-content\/uploads\/2025\/09\/chambre-apres.png\" \/>\n<meta property=\"og:site_name\" content=\"Alpimmorama\" \/>\n<meta property=\"article:publisher\" content=\"https:\/\/www.facebook.com\/alpimmorama\" \/>\n<meta property=\"og:image\" content=\"https:\/\/www.alpimmorama.com\/wp-content\/uploads\/2025\/09\/chambre-apres.png\" \/>\n\t<meta property=\"og:image:width\" content=\"1\" \/>\n\t<meta property=\"og:image:height\" content=\"1\" \/>\n\t<meta property=\"og:image:type\" content=\"image\/png\" \/>\n<meta name=\"twitter:card\" content=\"summary_large_image\" \/>\n<script type=\"application\/ld+json\" class=\"yoast-schema-graph\">{\"@context\":\"https:\/\/schema.org\",\"@graph\":[{\"@type\":\"WebPage\",\"@id\":\"https:\/\/www.alpimmorama.com\/wp-content\/uploads\/2025\/09\/chambre-apres.png\",\"url\":\"https:\/\/www.alpimmorama.com\/wp-content\/uploads\/2025\/09\/chambre-apres.png\",\"name\":\"chambre apres - Alpimmorama\",\"isPartOf\":{\"@id\":\"https:\/\/www.alpimmorama.com\/en\/#website\"},\"datePublished\":\"2025-09-21T15:13:18+00:00\",\"description\":\"Alpimmorama est une agence immobili\u00e8re digitale situ\u00e9e \u00e0 Samo\u00ebns dans la vall\u00e9e du Giffre en Haute-Savoie. Sp\u00e9cialiste en immobilier Samo\u00ebns, Morillon; Verchaix et Sixt-Fer-\u00e0-Cheval.\",\"breadcrumb\":{\"@id\":\"https:\/\/www.alpimmorama.com\/wp-content\/uploads\/2025\/09\/chambre-apres.png#breadcrumb\"},\"inLanguage\":\"en-GB\",\"potentialAction\":[{\"@type\":\"ReadAction\",\"target\":[\"https:\/\/www.alpimmorama.com\/wp-content\/uploads\/2025\/09\/chambre-apres.png\"]}]},{\"@type\":\"BreadcrumbList\",\"@id\":\"https:\/\/www.alpimmorama.com\/wp-content\/uploads\/2025\/09\/chambre-apres.png#breadcrumb\",\"itemListElement\":[{\"@type\":\"ListItem\",\"position\":1,\"name\":\"Accueil\",\"item\":\"https:\/\/www.alpimmorama.com\/\"},{\"@type\":\"ListItem\",\"position\":2,\"name\":\"Ferme demi lune samoens\",\"item\":\"https:\/\/www.alpimmorama.com\/ferme-mitoyenne-demi-lune-samoens\/\"},{\"@type\":\"ListItem\",\"position\":3,\"name\":\"chambre apres\"}]},{\"@type\":\"WebSite\",\"@id\":\"https:\/\/www.alpimmorama.com\/en\/#website\",\"url\":\"https:\/\/www.alpimmorama.com\/en\/\",\"name\":\"Alpimmorama\",\"description\":\"Agence Immobili\u00e8re digitale \u00e0 Samo\u00ebns\",\"publisher\":{\"@id\":\"https:\/\/www.alpimmorama.com\/en\/#organization\"},\"potentialAction\":[{\"@type\":\"SearchAction\",\"target\":{\"@type\":\"EntryPoint\",\"urlTemplate\":\"https:\/\/www.alpimmorama.com\/en\/?s={search_term_string}\"},\"query-input\":{\"@type\":\"PropertyValueSpecification\",\"valueRequired\":true,\"valueName\":\"search_term_string\"}}],\"inLanguage\":\"en-GB\"},{\"@type\":\"Organization\",\"@id\":\"https:\/\/www.alpimmorama.com\/en\/#organization\",\"name\":\"Alpimmorama Agence immobili\u00e8re Samo\u00ebns\",\"url\":\"https:\/\/www.alpimmorama.com\/en\/\",\"logo\":{\"@type\":\"ImageObject\",\"inLanguage\":\"en-GB\",\"@id\":\"https:\/\/www.alpimmorama.com\/en\/#\/schema\/logo\/image\/\",\"url\":\"\",\"contentUrl\":\"\",\"caption\":\"Alpimmorama Agence immobili\u00e8re Samo\u00ebns\"},\"image\":{\"@id\":\"https:\/\/www.alpimmorama.com\/en\/#\/schema\/logo\/image\/\"},\"sameAs\":[\"https:\/\/www.facebook.com\/alpimmorama\",\"https:\/\/www.instagram.com\/valerie_casartelli_alpimmorama\/\",\"https:\/\/www.linkedin.com\/in\/valrie-casartelli-29ba9677\/\",\"https:\/\/www.youtube.com\/channel\/UCAnkyWLLh1qbJOTDvQiXjzg\"]}]}<\/script>\n<!-- \/ Yoast SEO plugin. -->","yoast_head_json":{"title":"chambre apres - Alpimmorama","description":"Alpimmorama is a digital estate agency located in Samo\u00ebns in the Giffre valley in Haute-Savoie. Specialists in Samo\u00ebns, Morillon, Verchaix and Sixt-Fer-\u00e0-Cheval.","robots":{"index":"index","follow":"follow","max-snippet":"max-snippet:-1","max-image-preview":"max-image-preview:large","max-video-preview":"max-video-preview:-1"},"canonical":"https:\/\/www.alpimmorama.com\/wp-content\/uploads\/2025\/09\/chambre-apres.png","og_locale":"en_GB","og_type":"article","og_title":"chambre apres - Alpimmorama","og_description":"Alpimmorama est une agence immobili\u00e8re digitale situ\u00e9e \u00e0 Samo\u00ebns dans la vall\u00e9e du Giffre en Haute-Savoie. Sp\u00e9cialiste en immobilier Samo\u00ebns, Morillon; Verchaix et Sixt-Fer-\u00e0-Cheval.","og_url":"https:\/\/www.alpimmorama.com\/wp-content\/uploads\/2025\/09\/chambre-apres.png","og_site_name":"Alpimmorama","article_publisher":"https:\/\/www.facebook.com\/alpimmorama","og_image":[{"url":"https:\/\/www.alpimmorama.com\/wp-content\/uploads\/2025\/09\/chambre-apres.png","width":1,"height":1,"type":"image\/png"}],"twitter_card":"summary_large_image","schema":{"@context":"https:\/\/schema.org","@graph":[{"@type":"WebPage","@id":"https:\/\/www.alpimmorama.com\/wp-content\/uploads\/2025\/09\/chambre-apres.png","url":"https:\/\/www.alpimmorama.com\/wp-content\/uploads\/2025\/09\/chambre-apres.png","name":"chambre apres - Alpimmorama","isPartOf":{"@id":"https:\/\/www.alpimmorama.com\/en\/#website"},"datePublished":"2025-09-21T15:13:18+00:00","description":"Alpimmorama is a digital estate agency located in Samo\u00ebns in the Giffre valley in Haute-Savoie. Specialists in Samo\u00ebns, Morillon, Verchaix and Sixt-Fer-\u00e0-Cheval.","breadcrumb":{"@id":"https:\/\/www.alpimmorama.com\/wp-content\/uploads\/2025\/09\/chambre-apres.png#breadcrumb"},"inLanguage":"en-GB","potentialAction":[{"@type":"ReadAction","target":["https:\/\/www.alpimmorama.com\/wp-content\/uploads\/2025\/09\/chambre-apres.png"]}]},{"@type":"BreadcrumbList","@id":"https:\/\/www.alpimmorama.com\/wp-content\/uploads\/2025\/09\/chambre-apres.png#breadcrumb","itemListElement":[{"@type":"ListItem","position":1,"name":"Accueil","item":"https:\/\/www.alpimmorama.com\/"},{"@type":"ListItem","position":2,"name":"Ferme demi lune samoens","item":"https:\/\/www.alpimmorama.com\/ferme-mitoyenne-demi-lune-samoens\/"},{"@type":"ListItem","position":3,"name":"chambre apres"}]},{"@type":"WebSite","@id":"https:\/\/www.alpimmorama.com\/en\/#website","url":"https:\/\/www.alpimmorama.com\/en\/","name":"Alpimmorama","description":"Digital estate agency in Samo\u00ebns","publisher":{"@id":"https:\/\/www.alpimmorama.com\/en\/#organization"},"potentialAction":[{"@type":"SearchAction","target":{"@type":"EntryPoint","urlTemplate":"https:\/\/www.alpimmorama.com\/en\/?s={search_term_string}"},"query-input":{"@type":"PropertyValueSpecification","valueRequired":true,"valueName":"search_term_string"}}],"inLanguage":"en-GB"},{"@type":"Organization","@id":"https:\/\/www.alpimmorama.com\/en\/#organization","name":"Alpimmorama Real estate agency Samo\u00ebns","url":"https:\/\/www.alpimmorama.com\/en\/","logo":{"@type":"ImageObject","inLanguage":"en-GB","@id":"https:\/\/www.alpimmorama.com\/en\/#\/schema\/logo\/image\/","url":"","contentUrl":"","caption":"Alpimmorama Agence immobili\u00e8re Samo\u00ebns"},"image":{"@id":"https:\/\/www.alpimmorama.com\/en\/#\/schema\/logo\/image\/"},"sameAs":["https:\/\/www.facebook.com\/alpimmorama","https:\/\/www.instagram.com\/valerie_casartelli_alpimmorama\/","https:\/\/www.linkedin.com\/in\/valrie-casartelli-29ba9677\/","https:\/\/www.youtube.com\/channel\/UCAnkyWLLh1qbJOTDvQiXjzg"]}]}},"description":{"rendered":"<p class=\"attachment\"><a href='https:\/\/www.alpimmorama.com\/wp-content\/uploads\/2025\/09\/chambre-apres.png'><img fetchpriority=\"high\" decoding=\"async\" width=\"300\" height=\"200\" src=\"https:\/\/www.alpimmorama.com\/wp-content\/uploads\/2025\/09\/chambre-apres-300x200.png\" class=\"attachment-medium size-medium\" alt=\"\" srcset=\"https:\/\/www.alpimmorama.com\/wp-content\/uploads\/2025\/09\/chambre-apres-300x200.png 300w, https:\/\/www.alpimmorama.com\/wp-content\/uploads\/2025\/09\/chambre-apres-1024x683.png 1024w, https:\/\/www.alpimmorama.com\/wp-content\/uploads\/2025\/09\/chambre-apres-768x512.png 768w, https:\/\/www.alpimmorama.com\/wp-content\/uploads\/2025\/09\/chambre-apres-1536x1024.png 1536w, https:\/\/www.alpimmorama.com\/wp-content\/uploads\/2025\/09\/chambre-apres-18x12.png 18w, https:\/\/www.alpimmorama.com\/wp-content\/uploads\/2025\/09\/chambre-apres.png 2048w\" sizes=\"(max-width: 300px) 100vw, 300px\" \/><\/a><\/p>\n"},"caption":{"rendered":""},"alt_text":"","media_type":"image","mime_type":"image\/png","media_details":{"width":2048,"height":1365,"file":"2025\/09\/chambre-apres.png","filesize":3410262,"sizes":{"medium":{"file":"chambre-apres-300x200.png","width":300,"height":200,"filesize":48355,"mime_type":"image\/png","source_url":"https:\/\/www.alpimmorama.com\/wp-content\/uploads\/2025\/09\/chambre-apres-300x200.png"},"large":{"file":"chambre-apres-1024x683.png","width":1024,"height":683,"filesize":407639,"mime_type":"image\/png","source_url":"https:\/\/www.alpimmorama.com\/wp-content\/uploads\/2025\/09\/chambre-apres-1024x683.png"},"thumbnail":{"file":"chambre-apres-150x150.png","width":150,"height":150,"filesize":21816,"mime_type":"image\/png","source_url":"https:\/\/www.alpimmorama.com\/wp-content\/uploads\/2025\/09\/chambre-apres-150x150.png"},"medium_large":{"file":"chambre-apres-768x512.png","width":768,"height":512,"filesize":243419,"mime_type":"image\/png","source_url":"https:\/\/www.alpimmorama.com\/wp-content\/uploads\/2025\/09\/chambre-apres-768x512.png"},"1536x1536":{"file":"chambre-apres-1536x1024.png","width":1536,"height":1024,"filesize":863092,"mime_type":"image\/png","source_url":"https:\/\/www.alpimmorama.com\/wp-content\/uploads\/2025\/09\/chambre-apres-1536x1024.png"},"trp-custom-language-flag":{"file":"chambre-apres-18x12.png","width":18,"height":12,"filesize":2226,"mime_type":"image\/png","source_url":"https:\/\/www.alpimmorama.com\/wp-content\/uploads\/2025\/09\/chambre-apres-18x12.png"},"full":{"file":"chambre-apres.png","width":2048,"height":1365,"mime_type":"image\/png","source_url":"https:\/\/www.alpimmorama.com\/wp-content\/uploads\/2025\/09\/chambre-apres.png"}},"image_meta":{"aperture":"0","credit":"","camera":"","caption":"","created_timestamp":"0","copyright":"","focal_length":"0","iso":"0","shutter_speed":"0","title":"","orientation":"0","keywords":[]}},"post":25906,"source_url":"https:\/\/www.alpimmorama.com\/wp-content\/uploads\/2025\/09\/chambre-apres.png","_links":{"self":[{"href":"https:\/\/www.alpimmorama.com\/en\/wp-json\/wp\/v2\/media\/26261","targetHints":{"allow":["GET"]}}],"collection":[{"href":"https:\/\/www.alpimmorama.com\/en\/wp-json\/wp\/v2\/media"}],"about":[{"href":"https:\/\/www.alpimmorama.com\/en\/wp-json\/wp\/v2\/types\/attachment"}],"author":[{"embeddable":true,"href":"https:\/\/www.alpimmorama.com\/en\/wp-json\/wp\/v2\/users\/20"}],"replies":[{"embeddable":true,"href":"https:\/\/www.alpimmorama.com\/en\/wp-json\/wp\/v2\/comments?post=26261"}],"wp:attached-to":[{"embeddable":true,"post_type":"page","id":25906,"href":"https:\/\/www.alpimmorama.com\/en\/wp-json\/wp\/v2\/pages\/25906"}],"curies":[{"name":"wp","href":"https:\/\/api.w.org\/{rel}","templated":true}]}}